{"id":6370,"date":"2024-03-22T18:01:54","date_gmt":"2024-03-22T18:01:54","guid":{"rendered":"https:\/\/noacosmetics.ro\/?post_type=product&#038;p=6370"},"modified":"2024-04-26T08:40:31","modified_gmt":"2024-04-26T08:40:31","slug":"eveline-cosmetics-gel-matifiant-aloe-organic-si-collagen","status":"publish","type":"product","link":"https:\/\/noacosmetics.ro\/en\/product\/eveline-cosmetics-gel-matifiant-aloe-organic-si-collagen\/","title":{"rendered":"Eveline Cosmetics Gel Matifiant Aloe Organic Si Collagen"},"content":{"rendered":"<h4><strong>Mod de utilizare:<\/strong><\/h4>\n<p>Se aplic\u0103 cantitatea potrivit\u0103 de produs pe pielea curat\u0103 \u0219i uscat\u0103 a fe\u021bei mas\u00e2nd u\u0219or cu mi\u0219c\u0103ri circulare de masaj p\u00e2n\u0103 la absorbirea complet\u0103.<\/p>\n<h4><strong>Descriere:<\/strong><\/h4>\n<p>Crema de fa\u021b\u0103 cu extract de aloe vera a fost creat\u0103 de speciali\u0219tii m\u0103rcii Eveline Cosmetics \u0219i constituie un produs calmant eficient. Aceasta este potrivit\u0103 pentru toate tipurile de piele, dar e recomandat\u0103 \u00een primul r\u00e2nd persoanelor cu tenul normal sau mixt. Organic Aloe + Collagen posed\u0103 o consisten\u021b\u0103 de gel u\u0219or ce se tope\u0219te instantaneu c\u00e2nd atinge epiderma, red\u0103 un sentiment pl\u0103cut de prospe\u021bime, se absoarbe rapid \u0219i nu las\u0103 urme lipicioase. Extractul de ceai verde stimuleaz\u0103 produc\u021bia de colagen, reduce severitatea ridurilor \u0219i \u00eent\u0103re\u0219te sistemul imunitar al pielii. Ingredientele active de\u021bin o serie de propriet\u0103\u021bi benefice, care combat senza\u021biile de deshidratare, \u00eenro\u0219ire \u0219i inflama\u021bie.<\/p>","protected":false},"excerpt":{"rendered":"<p>Mod de utilizare: Se aplic\u0103 cantitatea potrivit\u0103 de produs pe pielea curat\u0103 \u0219i uscat\u0103 a fe\u021bei mas\u00e2nd u\u0219or cu mi\u0219c\u0103ri circulare de masaj p\u00e2n\u0103 la absorbirea complet\u0103. Descriere: Crema de fa\u021b\u0103 cu extract de aloe vera a fost creat\u0103 de speciali\u0219tii m\u0103rcii Eveline Cosmetics \u0219i constituie un produs calmant eficient. Aceasta este potrivit\u0103 pentru toate [&hellip;]<\/p>\n","protected":false},"featured_media":9318,"comment_status":"open","ping_status":"closed","template":"","meta":{"_themeisle_gutenberg_block_has_review":false},"product_brand":[],"product_cat":[75,21,72],"product_tag":[],"class_list":{"0":"post-6370","1":"product","2":"type-product","3":"status-publish","4":"has-post-thumbnail","6":"product_cat-hidratare","7":"product_cat-ingrijire","8":"product_cat-ingrijire-fata","9":"product_shipping_class-small-package","10":"entry","11":"has-media","13":"first","14":"onbackorder","15":"taxable","16":"shipping-taxable","17":"purchasable","18":"product-type-simple","19":"col","20":"span_1_of_3","21":"wvn-content-left","22":"wvn-thumbs-layout-horizontal","23":"wvn-btn-normal","24":"wvn-tabs-layout-horizontal","25":"has-no-thumbnails"},"jetpack_sharing_enabled":true,"_links":{"self":[{"href":"https:\/\/noacosmetics.ro\/en\/wp-json\/wp\/v2\/product\/6370","targetHints":{"allow":["GET"]}}],"collection":[{"href":"https:\/\/noacosmetics.ro\/en\/wp-json\/wp\/v2\/product"}],"about":[{"href":"https:\/\/noacosmetics.ro\/en\/wp-json\/wp\/v2\/types\/product"}],"replies":[{"embeddable":true,"href":"https:\/\/noacosmetics.ro\/en\/wp-json\/wp\/v2\/comments?post=6370"}],"wp:featuredmedia":[{"embeddable":true,"href":"https:\/\/noacosmetics.ro\/en\/wp-json\/wp\/v2\/media\/9318"}],"wp:attachment":[{"href":"https:\/\/noacosmetics.ro\/en\/wp-json\/wp\/v2\/media?parent=6370"}],"wp:term":[{"taxonomy":"product_brand","embeddable":true,"href":"https:\/\/noacosmetics.ro\/en\/wp-json\/wp\/v2\/product_brand?post=6370"},{"taxonomy":"product_cat","embeddable":true,"href":"https:\/\/noacosmetics.ro\/en\/wp-json\/wp\/v2\/product_cat?post=6370"},{"taxonomy":"product_tag","embeddable":true,"href":"https:\/\/noacosmetics.ro\/en\/wp-json\/wp\/v2\/product_tag?post=6370"}],"curies":[{"name":"wp","href":"https:\/\/api.w.org\/{rel}","templated":true}]}}